{"id":3678,"date":"2014-01-30T15:31:46","date_gmt":"2014-01-30T15:31:46","guid":{"rendered":"http:\/\/www.ahat.cat\/historia-del-arxiu-historic-arxidiocesa-de-tarragona\/"},"modified":"2014-01-30T15:31:46","modified_gmt":"2014-01-30T15:31:46","slug":"historia-del-arxiu-historic-arxidiocesa-de-tarragona","status":"publish","type":"page","link":"https:\/\/www.ahat.cat\/es\/el-ahat\/historia-del-arxiu-historic-arxidiocesa-de-tarragona\/","title":{"rendered":"Historia del Arxiu Hist\u00f2ric Arxidioces\u00e0 de Tarragona"},"content":{"rendered":"<blockquote>\n<h2 style=\"text-align: justify\">Origen del proyecto<\/h2>\n<\/blockquote>\n<p style=\"text-align: justify\"><span style=\"color: #000000\">En 1918, el arzobispo de Tarragona, el Dr. Antol\u00edn L\u00f3pez Pel\u00e1ez, pidi\u00f3 a Don San\u00e7 Capdevila Felip, ec\u00f3nomo de la parroquia de For\u00e8s, que realizara un estudio sobre los archivos parroquiales de la archidi\u00f3cesis de Tarragona. La memoria, titulada \u00abL\u2019estudi, ordenaci\u00f3 i inventari dels arxius parroquials\u00bb (El estudio, la ordenaci\u00f3n y el inventario de los archivos parroquiales), est\u00e1 fechada el 1 de diciembre de ese mismo a\u00f1o. La muerte del arzobispo, el 22 de ese mismo mes, impidi\u00f3 que el prelado la recibiera. A pesar de esto, el 19 de enero de 1919, Don San\u00e7 Capdevila la libr\u00f3 al vicario capitular de Tarragona, el Dr. Gaiet\u00e0 Sent\u00eds Gran.<\/span><\/p>\n<div id=\"wikitext\" style=\"text-align: justify\">\n<blockquote>\n<h2 style=\"text-align: justify\">Fundaci\u00f3n del Arxiu Hist\u00f2ric Arxidioces\u00e0 de Tarragona<\/h2>\n<\/blockquote>\n<p style=\"text-align: justify\"><span style=\"color: #000000\">El 21 de diciembre de 1919, el Dr. Francesc d\u2019Ass\u00eds Vidal i Barraquer fue nombrado arzobispo de Tarragona. Poco despu\u00e9s, el 9 de febrero de 1920, el nuevo prelado determin\u00f3 la creaci\u00f3n de un archivo diocesano donde se guardaran todos los documentos hist\u00f3ricos y los manuales antiguos del Arxiu de la Provincia Tarraconense, de la Taula Arquebisbal de la Secretaria de Cambra, de la C\u00faria Eclesi\u00e0stica y de los archivos parroquiales de toda la archidi\u00f3cesis. Ese mismo d\u00eda, pidi\u00f3 a Don San\u00e7 Capdevila que se encargara del proyecto. De esta manera, se fund\u00f3 el Arixu Hist\u00f2ric Arxidioces\u00e0 de Tarragona (AHAT).<\/span><\/p>\n<p style=\"text-align: justify\"><span style=\"color: #000000\">Esta fue una de sus primeras providencias al frente del arzobispado de Tarragona. Todav\u00eda hoy se desconocen las razones que llevaron al arzobispo a tomar esta decisi\u00f3n, aunque se ha apuntado como posible causa de la fundaci\u00f3n el proyecto que ten\u00eda el Dr. Vidal i Barraquer de crear en Tarragona una universidad cat\u00f3lica como las que ya hab\u00eda en Mil\u00e1n y en Lovaina.<\/span><\/p>\n<blockquote>\n<h2 style=\"text-align: justify\">Don San\u00e7 Capdevila i Felip<\/h2>\n<\/blockquote>\n<p style=\"text-align: justify\"><span style=\"color: #000000\">Naci\u00f3 en Mald\u00e0 el 11 de diciembre de 1883, hijo de una familia acomodada. Estudi\u00f3 en el Seminario y en la Universitat Pontif\u00edcia de Tarragona. Fue ordenado presb\u00edtero el 19 de septiembre de 1908. Fue vicario de Sant Mart\u00ed de Mald\u00e0 y, posteriormente, de Guimer\u00e0 as\u00ed como tambi\u00e9n ec\u00f3nomo de For\u00e9s. Fue el fundador y el primer director del AHAT, cargo que desempe\u00f1\u00f3 de 1920 a 1932. Finalmente, fue ordenado, previa oposici\u00f3n, archivero can\u00f3nigo de la Catedral Bas\u00edlica Metropolitana y Primada de Tarragona (1931-1932). Muri\u00f3 en su pueblo, Mald\u00e0, el 19 de septiembre de 1932 a la edad de 48 a\u00f1os.<\/span><\/p>\n<p style=\"text-align: justify\"><span style=\"color: #000000\">En el op\u00fasculo titulado El archivo parroquial y su ordenaci\u00f3n. Estudio y normas pr\u00e1cticas para ordenar, catalogar y conservar los archivos parroquiales (Barcelona, 1926), Don San\u00e7 Capdevila propuso un sistema de ordenaci\u00f3n y de catalogaci\u00f3n de los archivos parroquiales. Tambi\u00e9n fue autor de un importante n\u00famero de monograf\u00edas sobre castillos (Mald\u00e0, Arbeca), santuarios (el Tallat, Sant Mag\u00ed de la Brufaganya), iglesias (Guimer\u00e0), cofrad\u00edas, etc., y escribi\u00f3 art\u00edculos de \u00e1mbito hist\u00f3rico en muchos peri\u00f3dicos y revistas de la \u00e9poca. Por indicaci\u00f3n del cardenal Vidal i Barraquer, reuni\u00f3 la legislaci\u00f3n eclesi\u00e1stica \u2013s\u00ednodos diocesanos y concilios provinciales- que los obispos de la Tarraconense hab\u00edan promulgado a favor del uso del catal\u00e1n en la ense\u00f1anza y en la predicaci\u00f3n de la doctrina cristiana. Finalmente, en 1930, con el fin de evitar la represi\u00f3n de la dictadura de Primo de Rivera, fue publicado de forma an\u00f3nima el libro Processus iuris ecclesiastici, que recog\u00eda el fruto de su investigaci\u00f3n.<\/span><\/p>\n<blockquote>\n<h2 style=\"text-align: justify\">El espaci\u00f3 y la infrastructura<\/h2>\n<\/blockquote>\n<p style=\"color: #000000\">En 1920, se habilit\u00f3 una sala en la planta baja del Palau Arquebisbal, que acoger\u00eda el nuevo archivo. Se trataba de la gran sala, situada entre la muralla y el huerto, justo debajo de la capilla, que hoy se ha convertido en sala de reuniones. Las obras de rehabilitaci\u00f3n empezaron r\u00e1pidamente. Una vez finalizadas, la sala se dej\u00f3 secar durante un a\u00f1o.<\/p>\n<p class=\"vspace\" style=\"color: #000000\">El 14 de mayo de 1921, llegaron al ahat los cuatro primeros armarios de madera, que hizo el carpintero Josep Juncosa a 220 pesetas cada uno y cuyas puertas estaban cubiertas con una red met\u00e1lica. El 23 de julio se instal\u00f3 la cajonera de las c\u00e9dulas. Finalmente, el 28 de septiembre llegaron los \u00faltimos ocho armarios.<\/p>\n<p class=\"vspace\" style=\"color: #000000\">En 1929, el cardenal Vidal i Barrquer encarg\u00f3 al arquitecto barcelon\u00e9s Jeroni Martorell el proyecto de un edificio de planta nueva para instalar el AHAT. El prelado cedi\u00f3 su cochera, situada entre los edificios del Palau Arquebisbal y del Seminari, con el fin de ubicar all\u00ed el ahat. Sin embargo, el proyecto no se materializ\u00f3.<\/p>\n<blockquote>\n<h2 style=\"text-align: justify\">Organitzaci\u00f3n del archivo<\/h2>\n<\/blockquote>\n<p style=\"color: #000000\">El 10 de febrero de 1921, Don San\u00e7 Capdevila fue a Barcelona para visitar y conocer el funcionamiento del Arxiu de la Corona d\u2019Arag\u00f3 y el Arxiu de la Ciutat de Barcelona. Por otra parte, el d\u00eda 14 de ese mismo a\u00f1o, consigui\u00f3 de Puig i Cadafalch, el entonces presidente del Institut d\u2019Estudis Catalans, el compromiso de la tramitaci\u00f3n al AHAT de todas las obras de tipo hist\u00f3rico que publicara aquella instituci\u00f3n y de todas las obras repetidas que tuviera la Biblioteca de Catalunya, as\u00ed como tambi\u00e9n una subvenci\u00f3n econ\u00f3mica que permitiera encuadernar los vol\u00famenes del archivo. El primer cheque, de 250 pesetas, lleg\u00f3 el 3 de agosto de ese mismo a\u00f1o.<\/p>\n<p class=\"vspace\" style=\"color: #000000\">El 15 de febrero de 1921 llegaron al AHAT los primeros archivos parroquiales. Se trataba del fondo documental de las parroquias de Belltall, Conesa, Passanant i For\u00e8s. El 16 de ese mismo mes se empez\u00f3 a separar el archivo de la Secretaria de Cambra, donde se encontraba parte del archivo los religiosos trinitarios de Tarragona. El 22 de agosto fueron trasladados al ahat un mont\u00f3n de papeles encontrados en una cela del Seminari Pontifici de Tarragona, que resultaron ser fragmentos de visitas pastorales, registros de negocios y manuales notariales. El 27 de septiembre el cardenal Vidal i Barraquer deposit\u00f3 en el ahat el archivo del castillo d\u2019Arampruny\u00e0 y el de la familia Fox\u00e0. Desde ese momento, Don San\u00e7 Capdevila inici\u00f3 su periplo por las parroquias del arzobispado con el fin de recoger la documentaci\u00f3n que, posteriormente, los rectores enviaban a Tarragona. El 3 de octubre de 1924 llegaron al AHAT los \u00faltimos documentos recopilados por Don San\u00e7 Capdevila. Con los archivos parroquiales de la Secuita y de Codony quedaron recogidos pr\u00e1cticamente todos los fondos parroquiales del arzobispado de Tarragona a excepci\u00f3n de los de Reus, Valls y Montblanc.<\/p>\n<p class=\"vspace\" style=\"color: #000000\">El 10 de diciembre de 1921, el cardenal Vidal i Barraquer orden\u00f3 que toda la documentaci\u00f3n del arzobispado de Tarragona anterior a 1750 fuera depositada en el AHAT. Una triple intenci\u00f3n mov\u00eda esta providencia episcopal: evitar la posible p\u00e9rdida de documentaci\u00f3n, asegurar su conservaci\u00f3n y facilitar su consulta.<\/p>\n<p class=\"vspace\" style=\"color: #000000\">A pesar de la formaci\u00f3n autodidacta de Don San\u00e7 Capdevila, tuvo acceso a los \u00faltimos avances de la archiv\u00edstica moderna. Se sabe que hab\u00eda le\u00eddo a los autores franceses, italianos y holandeses m\u00e1s importantes del momento. Y as\u00ed lo demuestra su propuesta de ordenaci\u00f3n y de catalogaci\u00f3n de los archivos parroquiales. Firme defensor del principio archiv\u00edstico de la procedencia, reorganiz\u00f3 los fondos documentales \u2018mensa arquebisbal\u2019, vicariato eclesi\u00e1stico, Secretaria de Cambra i Govern, provincia eclesi\u00e1stica, parroquias, religiosos y cofrad\u00edas, as\u00ed como tambi\u00e9n se cuid\u00f3 de reestablecer o de crear series y subseries documentales.<\/p>\n<p class=\"vspace\" style=\"color: #000000\">La preocupaci\u00f3n de su \u00e9poca por la afirmaci\u00f3n nacional lo llev\u00f3 a recoger las notar\u00edas eclesi\u00e1sticas. Convencido defensor de la tesis seg\u00fan la cual Catalu\u00f1a era una tierra de pacto, se preocup\u00f3 de los libros y manuales notariales, de los libros de testamentos y de los cap\u00edtulos matrimoniales, etc. La serie notarial, iniciada en muchas parroquias en el siglo XIII y acabada en 1736, lleg\u00f3 a ser en muchas poblaciones la documentaci\u00f3n conservada m\u00e1s antigua. Sin duda, otra preocupaci\u00f3n no menos importante para \u00e9l fue la de recoger cuidadosamente los archivos parroquiales del Concilio de Trento.<\/p>\n<blockquote>\n<h2 style=\"text-align: justify\">Un largo letargo<\/h2>\n<\/blockquote>\n<p style=\"text-align: justify\"><span style=\"color: #000000\">La muerte de San\u00e7 Capdevila en 1932, justo cuando la legislaci\u00f3n republicana empezaba a despojar econ\u00f3micamente a la Iglesia, supuso el inicio de un largo letargo para el AHAT. Se tuvo que esperar a 1935 para el nombramiento del nuevo archivero diocesano, cargo que recay\u00f3 en Don Jeroni Claveras i Brunet, quien hab\u00eda estudiado arqueolog\u00eda cl\u00e1sica y archiv\u00edstica eclesi\u00e1stica en Roma. En 1936, cuando estall\u00f3 la Guerra Civil, la situaci\u00f3n empeor\u00f3 a\u00fan m\u00e1s.<\/span><\/p>\n<p style=\"text-align: justify\"><span style=\"color: #000000\">Durante la Guerra Civil, a pesar de que algunos de los archivos parroquiales fueron quemados o destruidos total o parcialmente, el ahat se salv\u00f3 pr\u00e1cticamente en su totalidad. Durante los primeros momentos, cuando fueron saqueadas las oficinas de la Secretaria de Cambra i de Govern, parte de la documentaci\u00f3n corriente se perdi\u00f3 o se mezcl\u00f3. La acci\u00f3n decidida de las autoridades permiti\u00f3 preservar el ahat. La documentaci\u00f3n se salv\u00f3 gracias al hecho de haber tapiado la entrada, aunque esto no impidi\u00f3 la entrada al AHAT, ya que este dispon\u00eda de una entrada lateral. <\/span><\/p>\n<p style=\"text-align: justify\">Una vez terminada la guerra, el Palau Arquebisbal no fue devuelto inmediatamente a la Iglesia de Tarragona, sino que permaneci\u00f3 en manos del ej\u00e9rcito nacional. El 31 de diciembre de 1940 se hizo efectivo el traspaso a manos del vicario general, el Dr. Salvador Rial Lloberas.<\/p>\n<p style=\"text-align: justify\"><span style=\"color: #000000\">La larga ocupaci\u00f3n militar (1939-40) impidi\u00f3 el restablecimiento de las antiguas series documentales. Todav\u00eda se tardar\u00eda unos a\u00f1os a reencontrar la documentaci\u00f3n y rehacer la antigua organizaci\u00f3n. Mientras, se cre\u00f3 una \u00fanica serie de notaria del arzobispado, bajo el cuidado del Vicariat Eclesi\u00e0stic, y la documentaci\u00f3n de la Secretaria de Cambra i Govern inici\u00f3 un largo periplo de empobrecimiento archiv\u00edstico y desorganizaci\u00f3n.<\/span><\/p>\n<p style=\"text-align: justify\">El AHAT continu\u00f3 bajo la direcci\u00f3n de Mn. Jeroni Claveras. Con su nombramiento como secretario de c\u00e1mara y gobierno del Arzobispado (1948-1953) su dedicaci\u00f3n al Archivo merm\u00f3, necesariamente. Esta es una de las \u00e9pocas m\u00e1s oscuras del AHAT. Los investigadores iban a Secretar\u00eda y un oficial les daba la clave del Archivo. As\u00ed se convierten se\u00f1ores, sin ning\u00fan tipo de apoyo ni control por parte de la direcci\u00f3n. El Archivo permaneci\u00f3 en el m\u00e1s absoluto olvido.<\/p>\n<blockquote>\n<h2 style=\"text-align: justify\">El nuevo edificio<\/h2>\n<\/blockquote>\n<p style=\"text-align: justify\"><span style=\"color: #000000\">En 1968 se decidi\u00f3 trasladar la sede del ahat a causa de una invasi\u00f3n de termitas. El cardenal Benjam\u00edn de Arriba y Castro pidi\u00f3 asesoro a la Direcci\u00f3n General de Archivos y Bibliotecas con el fin de analizar la situaci\u00f3n en la cual se encontraba el ahat. El informe t\u00e9cnico se centr\u00f3 en el estado de las instalaciones y en el de los fondos documentales que se hab\u00edan depositado. Las conclusiones finales no fueron demasiado favorables: se constat\u00f3 la falta de espacio para depositar la nueva documentaci\u00f3n y la ausencia de un lugar adecuado para ser habilitado como sala de lectura para los investigadores.<\/span><\/p>\n<p style=\"text-align: justify\"><span style=\"color: #000000\">Con el fin de paliar las carencias remarcadas por el informe t\u00e9cnico, se decidi\u00f3 construir un edificio para alojar el ahat. Fue en este momento cuando se decidi\u00f3 recuperar la idea inicial propuesta por el cardenal Vidal i Barraquer: construir el ahat donde anteriormente se hab\u00eda ubicado la cochera, entre el Palau Arquebisbal y el Seminari Pontifici. Las obras empezaron en oto\u00f1o de 1968 y duraron tres a\u00f1os. El coste de la obra fue asumido por el Arzobispado de Tarragona, que aport\u00f3 2.700.000 pesetas y que recibi\u00f3 una ayuda de 1.500.000 pesetas de la Direcci\u00f3n General de Archivos.<\/span><\/p>\n<p style=\"text-align: justify\"><span style=\"color: #000000\">A pesar de que la estructura del nuevo edificio fue proyectada para la instalaci\u00f3n de armarios compactos, que hubieran permitido una mayor conservaci\u00f3n de la documentaci\u00f3n, estos no pudieron ser instalados por problemas econ\u00f3micos. Los antiguos armarios de madera se sustituyeron por unas estanter\u00edas met\u00e1licas niqueladas. <\/span><\/p>\n<p style=\"text-align: justify\"><span style=\"color: #000000\">En 1971 la nueva sede del AHAT fue bendecida por el arzobispo Josep Pont i Gol.<\/span><\/p>\n<blockquote>\n<h2 style=\"text-align: justify\">El enderezamiento<\/h2>\n<\/blockquote>\n<p style=\"text-align: justify\"><span style=\"color: #000000\">La reapertura del AHAT signific\u00f3 tambi\u00e9n un nuevo impulso en la pol\u00edtica archiv\u00edstica de concentraci\u00f3n de fondos, que segu\u00eda la l\u00ednea iniciada por el cardenal Vidal i Barraquer. El 1 de marzo de 1979, el arzobispo Pont i Gol pidi\u00f3 a todas las parroquias del arzobispado de Tarragona que depositaran en el AHAT toda la documentaci\u00f3n anterior a 1850.<\/span><\/p>\n<p style=\"text-align: justify\"><span style=\"color: #000000\">En 1969 fue nombrado director del AHAT Don Francesc Xavier Ricom\u00e0 Vendrell, quien hab\u00eda cursado estudios sobre patrimonio y archiv\u00edstica en Roma. La primera tarea encargada al nuevo archivero fue la de trasladar los antiguos fondos documentales de la antigua sede al nuevo edificio del ahat. Esta circunstancia le sirvi\u00f3 para poner en cajas parte de la documentaci\u00f3n que hasta ese momento se hab\u00eda servido en pliegos. Durante esta \u00e9poca, se vari\u00f3 el tratamiento archiv\u00edstico aplicado a los fondos parroquiales. Las series y subseries que pacientemente hab\u00eda establecido Don San\u00e7 Capdevila fueron sustituidas por una numeraci\u00f3n continuada.<\/span><\/p>\n<p style=\"text-align: justify\"><span style=\"color: #000000\">En 1978 se nombr\u00f3 director del AHAT a Don Salvador Ramon i Vinyes. El nuevo archivero se esforz\u00f3 para que se continuara con la concentraci\u00f3n de la documentaci\u00f3n de los archivos parroquiales del ahat. Otra de sus preocupaciones fue la de acabar el inventario de los fondos parroquiales que inici\u00f3 Don San\u00e7 Capdevila, quien se hab\u00eda detenido en la letra F.<\/span><\/p>\n<blockquote>\n<h2 style=\"text-align: justify\">Un presente abierto al futuro<\/h2>\n<\/blockquote>\n<p style=\"color: #000000\">En 1999 se nombr\u00f3 director del AHAT a Don Manuel Fuentes Gas\u00f3, quien hasta ese momento hab\u00eda sido fiel colaborador de Don Salvador Ramon. Desde su nombramiento, el ahat ha iniciado un proceso lento pero constante de modernizaci\u00f3n. El primer objetivo fue el de la rehabilitaci\u00f3n y el arreglo de las instalaciones del ahat (2003). As\u00ed, se dot\u00f3 al personal de espacios de trabajo adecuados y a los usuarios de una nueva sala de consulta.<\/p>\n<p class=\"vspace\" style=\"color: #000000\">Se ha continuado con la pol\u00edtica de concentraci\u00f3n de archivos parroquiales, as\u00ed como tambi\u00e9n se ha promovido e incentivado la incorporaci\u00f3n de fondos personales al ahat, tanto de car\u00e1cter eclesi\u00e1stico como de car\u00e1cter laico. El deseo de reestructuraci\u00f3n de la instituci\u00f3n ha llevado a iniciar un proceso de revisi\u00f3n y de inventariado de todos los fondos parroquiales depositados en el AHAT. Simult\u00e1neamente, se trabaja en la elaboraci\u00f3n del cuadro de clasificaci\u00f3n del AHAT. Recientemente, a trav\u00e9s de un convenio con la Diputaci\u00f3 de Tarragona y la Fundaci\u00f3 Santa Tecla, se ha adquirido el material inform\u00e1tico necesario para la progresiva informatizaci\u00f3n del AHAT (2006).<\/p>\n<\/div>\n","protected":false},"excerpt":{"rendered":"<p>Origen del proyecto En 1918, el arzobispo de Tarragona, el Dr. Antol\u00edn L\u00f3pez Pel\u00e1ez, pidi\u00f3 a Don San\u00e7 Capdevila Felip, ec\u00f3nomo de la parroquia de For\u00e8s, que realizara un estudio sobre los archivos parroquiales de la archidi\u00f3cesis de Tarragona. La memoria, titulada \u00abL\u2019estudi, ordenaci\u00f3 i inventari dels arxius parroquials\u00bb (El estudio, la ordenaci\u00f3n y el [&hellip;]<\/p>\n","protected":false},"author":35,"featured_media":0,"parent":3676,"menu_order":1,"comment_status":"closed","ping_status":"closed","template":"","meta":{"footnotes":""},"class_list":["post-3678","page","type-page","status-publish","hentry"],"amp_enabled":true,"_links":{"self":[{"href":"https:\/\/www.ahat.cat\/es\/wp-json\/wp\/v2\/pages\/3678","targetHints":{"allow":["GET"]}}],"collection":[{"href":"https:\/\/www.ahat.cat\/es\/wp-json\/wp\/v2\/pages"}],"about":[{"href":"https:\/\/www.ahat.cat\/es\/wp-json\/wp\/v2\/types\/page"}],"author":[{"embeddable":true,"href":"https:\/\/www.ahat.cat\/es\/wp-json\/wp\/v2\/users\/35"}],"replies":[{"embeddable":true,"href":"https:\/\/www.ahat.cat\/es\/wp-json\/wp\/v2\/comments?post=3678"}],"version-history":[{"count":0,"href":"https:\/\/www.ahat.cat\/es\/wp-json\/wp\/v2\/pages\/3678\/revisions"}],"up":[{"embeddable":true,"href":"https:\/\/www.ahat.cat\/es\/wp-json\/wp\/v2\/pages\/3676"}],"wp:attachment":[{"href":"https:\/\/www.ahat.cat\/es\/wp-json\/wp\/v2\/media?parent=3678"}],"curies":[{"name":"wp","href":"https:\/\/api.w.org\/{rel}","templated":true}]}}